{"id":436,"date":"2025-07-23T19:22:23","date_gmt":"2025-07-23T19:22:23","guid":{"rendered":"https:\/\/ayuntamientotenangodedoria.gob.mx\/?page_id=436"},"modified":"2025-12-13T00:59:36","modified_gmt":"2025-12-13T00:59:36","slug":"h-asamblea-municipal","status":"publish","type":"page","link":"https:\/\/ayuntamientotenangodedoria.gob.mx\/index.php\/h-asamblea-municipal\/","title":{"rendered":"H. Asamblea Municipal"},"content":{"rendered":"\t\t<div data-elementor-type=\"wp-page\" data-elementor-id=\"436\" class=\"elementor elementor-436\">\n\t\t\t\t<div class=\"elementor-element elementor-element-90d13d9 e-flex e-con-boxed e-con e-parent\" data-id=\"90d13d9\" data-element_type=\"container\" data-e-type=\"container\">\n\t\t\t\t\t<div class=\"e-con-inner\">\n\t\t\t\t<div class=\"elementor-element elementor-element-0f9a0d4 elementor-widget elementor-widget-heading\" data-id=\"0f9a0d4\" data-element_type=\"widget\" data-e-type=\"widget\" data-widget_type=\"heading.default\">\n\t\t\t\t<div class=\"elementor-widget-container\">\n\t\t\t\t\t<h2 class=\"elementor-heading-title elementor-size-default\">CONOCE LA ESTRUCTURA ORG\u00c1NICA MUNICIPAL<\/h2>\t\t\t\t<\/div>\n\t\t\t\t<\/div>\n\t\t\t\t<div class=\"elementor-element elementor-element-c922fea elementor-widget elementor-widget-text-editor\" data-id=\"c922fea\" data-element_type=\"widget\" data-e-type=\"widget\" data-widget_type=\"text-editor.default\">\n\t\t\t\t<div class=\"elementor-widget-container\">\n\t\t\t\t\t\t\t\t\t<center><img fetchpriority=\"high\" decoding=\"async\" class=\"alignnone size-medium wp-image-4133\" src=\"https:\/\/ayuntamientotenangodedoria.gob.mx\/wp-content\/uploads\/2025\/12\/PRESIDENTA_Mesa-de-trabajo-1-300x300.png\" alt=\"\" width=\"300\" height=\"300\" srcset=\"https:\/\/ayuntamientotenangodedoria.gob.mx\/wp-content\/uploads\/2025\/12\/PRESIDENTA_Mesa-de-trabajo-1-300x300.png 300w, https:\/\/ayuntamientotenangodedoria.gob.mx\/wp-content\/uploads\/2025\/12\/PRESIDENTA_Mesa-de-trabajo-1-1024x1024.png 1024w, https:\/\/ayuntamientotenangodedoria.gob.mx\/wp-content\/uploads\/2025\/12\/PRESIDENTA_Mesa-de-trabajo-1-150x150.png 150w, https:\/\/ayuntamientotenangodedoria.gob.mx\/wp-content\/uploads\/2025\/12\/PRESIDENTA_Mesa-de-trabajo-1-768x768.png 768w, https:\/\/ayuntamientotenangodedoria.gob.mx\/wp-content\/uploads\/2025\/12\/PRESIDENTA_Mesa-de-trabajo-1-1536x1536.png 1536w, https:\/\/ayuntamientotenangodedoria.gob.mx\/wp-content\/uploads\/2025\/12\/PRESIDENTA_Mesa-de-trabajo-1-2048x2048.png 2048w\" sizes=\"(max-width: 300px) 100vw, 300px\" \/><\/center><h3><span dir=\"auto\" style=\"vertical-align: inherit; color: #800000;\"><span dir=\"auto\" style=\"vertical-align: inherit;\"><span dir=\"auto\" style=\"vertical-align: inherit;\"><span dir=\"auto\" style=\"vertical-align: inherit;\"><span dir=\"auto\" style=\"vertical-align: inherit;\"><span dir=\"auto\" style=\"vertical-align: inherit;\"><span dir=\"auto\" style=\"vertical-align: inherit;\"><span dir=\"auto\" style=\"vertical-align: inherit;\"><span dir=\"auto\" style=\"vertical-align: inherit;\"><span dir=\"auto\" style=\"vertical-align: inherit;\"><span dir=\"auto\" style=\"vertical-align: inherit;\"><span dir=\"auto\" style=\"vertical-align: inherit;\"><span dir=\"auto\" style=\"vertical-align: inherit;\"><span dir=\"auto\" style=\"vertical-align: inherit;\">Mtra. Martha L\u00f3pez Patricio<\/span><\/span><\/span><\/span><\/span><\/span><\/span><\/span><\/span><\/span><\/span><\/span><\/span><\/span><\/h3><p><span dir=\"auto\" style=\"vertical-align: inherit;\"><span dir=\"auto\" style=\"vertical-align: inherit;\"><span dir=\"auto\" style=\"vertical-align: inherit;\"><span dir=\"auto\" style=\"vertical-align: inherit;\"><span dir=\"auto\" style=\"vertical-align: inherit;\"><span dir=\"auto\" style=\"vertical-align: inherit;\"><span dir=\"auto\" style=\"vertical-align: inherit;\"><span dir=\"auto\" style=\"vertical-align: inherit;\"><span dir=\"auto\" style=\"vertical-align: inherit;\"><span dir=\"auto\" style=\"vertical-align: inherit;\"><span dir=\"auto\" style=\"vertical-align: inherit;\"><span dir=\"auto\" style=\"vertical-align: inherit;\"><span dir=\"auto\" style=\"vertical-align: inherit;\"><span dir=\"auto\" style=\"vertical-align: inherit;\">Presidenta Municipal Constitucional de Tenango de Doria<\/span><\/span><\/span><\/span><\/span><\/span><\/span><\/span><\/span><\/span><\/span><\/span><\/span><\/span><\/p><table border=\"0\" width=\"200%\" cellspacing=\"0\"><tbody><tr><td align=\"center\"><p><img decoding=\"async\" class=\"alignnone size-medium wp-image-4240\" src=\"https:\/\/ayuntamientotenangodedoria.gob.mx\/wp-content\/uploads\/2025\/12\/sindico_Mesa-de-trabajo-1-300x300.png\" alt=\"\" width=\"300\" height=\"300\" srcset=\"https:\/\/ayuntamientotenangodedoria.gob.mx\/wp-content\/uploads\/2025\/12\/sindico_Mesa-de-trabajo-1-300x300.png 300w, https:\/\/ayuntamientotenangodedoria.gob.mx\/wp-content\/uploads\/2025\/12\/sindico_Mesa-de-trabajo-1-1024x1024.png 1024w, https:\/\/ayuntamientotenangodedoria.gob.mx\/wp-content\/uploads\/2025\/12\/sindico_Mesa-de-trabajo-1-150x150.png 150w, https:\/\/ayuntamientotenangodedoria.gob.mx\/wp-content\/uploads\/2025\/12\/sindico_Mesa-de-trabajo-1-768x768.png 768w, https:\/\/ayuntamientotenangodedoria.gob.mx\/wp-content\/uploads\/2025\/12\/sindico_Mesa-de-trabajo-1-1536x1536.png 1536w, https:\/\/ayuntamientotenangodedoria.gob.mx\/wp-content\/uploads\/2025\/12\/sindico_Mesa-de-trabajo-1-2048x2048.png 2048w\" sizes=\"(max-width: 300px) 100vw, 300px\" \/><\/p><h4><span style=\"font-weight: 400;\"><span dir=\"auto\" style=\"vertical-align: inherit;\"><span dir=\"auto\" style=\"vertical-align: inherit;\"><span dir=\"auto\" style=\"vertical-align: inherit;\"><span dir=\"auto\" style=\"vertical-align: inherit;\"><span dir=\"auto\" style=\"vertical-align: inherit;\"><span dir=\"auto\" style=\"vertical-align: inherit;\"><span dir=\"auto\" style=\"vertical-align: inherit;\"><span dir=\"auto\" style=\"vertical-align: inherit;\"><span dir=\"auto\" style=\"vertical-align: inherit;\"><span dir=\"auto\" style=\"vertical-align: inherit;\"><span dir=\"auto\" style=\"vertical-align: inherit;\"><span dir=\"auto\" style=\"vertical-align: inherit;\"><span dir=\"auto\" style=\"vertical-align: inherit;\"><span dir=\"auto\" style=\"vertical-align: inherit;\">C. Natanael Pacheco Nicol\u00e1s<\/span><\/span><\/span><\/span><\/span><\/span><\/span><\/span><\/span><\/span><\/span><\/span><\/span><\/span><\/span><\/h4><h4><span style=\"font-weight: 400;\"><span dir=\"auto\" style=\"vertical-align: inherit;\"><span dir=\"auto\" style=\"vertical-align: inherit;\"><span dir=\"auto\" style=\"vertical-align: inherit;\"><span dir=\"auto\" style=\"vertical-align: inherit;\"><span dir=\"auto\" style=\"vertical-align: inherit;\"><span dir=\"auto\" style=\"vertical-align: inherit;\"><span dir=\"auto\" style=\"vertical-align: inherit;\"><span dir=\"auto\" style=\"vertical-align: inherit;\"><span dir=\"auto\" style=\"vertical-align: inherit;\"><span dir=\"auto\" style=\"vertical-align: inherit;\"><span dir=\"auto\" style=\"vertical-align: inherit;\"><span dir=\"auto\" style=\"vertical-align: inherit;\"><span dir=\"auto\" style=\"vertical-align: inherit;\"><span dir=\"auto\" style=\"vertical-align: inherit;\">S\u00edndico Propietario<\/span><\/span><\/span><\/span><\/span><\/span><\/span><\/span><\/span><\/span><\/span><\/span><\/span><\/span><\/span><\/h4><\/td><td align=\"center\"><p><img decoding=\"async\" src=\"https:\/\/vivetenangodedoria.com.mx\/wp-content\/uploads\/2024\/11\/user-hombre-2.png\" width=\"240\" height=\"240\" \/><\/p><h4><span style=\"font-weight: 400;\"><span dir=\"auto\" style=\"vertical-align: inherit;\"><span dir=\"auto\" style=\"vertical-align: inherit;\"><span dir=\"auto\" style=\"vertical-align: inherit;\"><span dir=\"auto\" style=\"vertical-align: inherit;\"><span dir=\"auto\" style=\"vertical-align: inherit;\"><span dir=\"auto\" style=\"vertical-align: inherit;\"><span dir=\"auto\" style=\"vertical-align: inherit;\"><span dir=\"auto\" style=\"vertical-align: inherit;\"><span dir=\"auto\" style=\"vertical-align: inherit;\"><span dir=\"auto\" style=\"vertical-align: inherit;\"><span dir=\"auto\" style=\"vertical-align: inherit;\"><span dir=\"auto\" style=\"vertical-align: inherit;\"><span dir=\"auto\" style=\"vertical-align: inherit;\"><span dir=\"auto\" style=\"vertical-align: inherit;\">C. Alan Mart\u00edn G\u00f3mez Rosales<\/span><\/span><\/span><\/span><\/span><\/span><\/span><\/span><\/span><\/span><\/span><\/span><\/span><\/span><\/span><\/h4><h4><span style=\"font-weight: 400;\"><span dir=\"auto\" style=\"vertical-align: inherit;\"><span dir=\"auto\" style=\"vertical-align: inherit;\"><span dir=\"auto\" style=\"vertical-align: inherit;\"><span dir=\"auto\" style=\"vertical-align: inherit;\"><span dir=\"auto\" style=\"vertical-align: inherit;\"><span dir=\"auto\" style=\"vertical-align: inherit;\"><span dir=\"auto\" style=\"vertical-align: inherit;\"><span dir=\"auto\" style=\"vertical-align: inherit;\"><span dir=\"auto\" style=\"vertical-align: inherit;\"><span dir=\"auto\" style=\"vertical-align: inherit;\"><span dir=\"auto\" style=\"vertical-align: inherit;\"><span dir=\"auto\" style=\"vertical-align: inherit;\"><span dir=\"auto\" style=\"vertical-align: inherit;\"><span dir=\"auto\" style=\"vertical-align: inherit;\">Regidor<\/span><\/span><\/span><\/span><\/span><\/span><\/span><\/span><\/span><\/span><\/span><\/span><\/span><\/span><\/span><\/h4><\/td><\/tr><tr><td align=\"center\"><p><img loading=\"lazy\" decoding=\"async\" src=\"https:\/\/vivetenangodedoria.com.mx\/wp-content\/uploads\/2025\/01\/teofila-removebg-preview.png\" width=\"193\" height=\"209\" \/><\/p><h4><span style=\"font-weight: 400;\"><span dir=\"auto\" style=\"vertical-align: inherit;\"><span dir=\"auto\" style=\"vertical-align: inherit;\"><span dir=\"auto\" style=\"vertical-align: inherit;\"><span dir=\"auto\" style=\"vertical-align: inherit;\"><span dir=\"auto\" style=\"vertical-align: inherit;\"><span dir=\"auto\" style=\"vertical-align: inherit;\"><span dir=\"auto\" style=\"vertical-align: inherit;\"><span dir=\"auto\" style=\"vertical-align: inherit;\"><span dir=\"auto\" style=\"vertical-align: inherit;\"><span dir=\"auto\" style=\"vertical-align: inherit;\"><span dir=\"auto\" style=\"vertical-align: inherit;\"><span dir=\"auto\" style=\"vertical-align: inherit;\"><span dir=\"auto\" style=\"vertical-align: inherit;\"><span dir=\"auto\" style=\"vertical-align: inherit;\">Prof. Te\u00f3fila Mendoza Mendoza<\/span><\/span><\/span><\/span><\/span><\/span><\/span><\/span><\/span><\/span><\/span><\/span><\/span><\/span><\/span><\/h4><h4><span style=\"font-weight: 400;\"><span dir=\"auto\" style=\"vertical-align: inherit;\"><span dir=\"auto\" style=\"vertical-align: inherit;\"><span dir=\"auto\" style=\"vertical-align: inherit;\"><span dir=\"auto\" style=\"vertical-align: inherit;\"><span dir=\"auto\" style=\"vertical-align: inherit;\"><span dir=\"auto\" style=\"vertical-align: inherit;\"><span dir=\"auto\" style=\"vertical-align: inherit;\"><span dir=\"auto\" style=\"vertical-align: inherit;\"><span dir=\"auto\" style=\"vertical-align: inherit;\"><span dir=\"auto\" style=\"vertical-align: inherit;\"><span dir=\"auto\" style=\"vertical-align: inherit;\"><span dir=\"auto\" style=\"vertical-align: inherit;\"><span dir=\"auto\" style=\"vertical-align: inherit;\"><span dir=\"auto\" style=\"vertical-align: inherit;\">Regidora<\/span><\/span><\/span><\/span><\/span><\/span><\/span><\/span><\/span><\/span><\/span><\/span><\/span><\/span><\/span><\/h4><\/td><td align=\"center\"><p><img loading=\"lazy\" decoding=\"async\" class=\"alignnone size-medium wp-image-4229\" src=\"https:\/\/ayuntamientotenangodedoria.gob.mx\/wp-content\/uploads\/2025\/12\/REGIDOR-PROF.-NICOLAS_Mesa-de-trabajo-1-300x300.png\" alt=\"\" width=\"300\" height=\"300\" srcset=\"https:\/\/ayuntamientotenangodedoria.gob.mx\/wp-content\/uploads\/2025\/12\/REGIDOR-PROF.-NICOLAS_Mesa-de-trabajo-1-300x300.png 300w, https:\/\/ayuntamientotenangodedoria.gob.mx\/wp-content\/uploads\/2025\/12\/REGIDOR-PROF.-NICOLAS_Mesa-de-trabajo-1-1024x1024.png 1024w, https:\/\/ayuntamientotenangodedoria.gob.mx\/wp-content\/uploads\/2025\/12\/REGIDOR-PROF.-NICOLAS_Mesa-de-trabajo-1-150x150.png 150w, https:\/\/ayuntamientotenangodedoria.gob.mx\/wp-content\/uploads\/2025\/12\/REGIDOR-PROF.-NICOLAS_Mesa-de-trabajo-1-768x768.png 768w, https:\/\/ayuntamientotenangodedoria.gob.mx\/wp-content\/uploads\/2025\/12\/REGIDOR-PROF.-NICOLAS_Mesa-de-trabajo-1-1536x1536.png 1536w, https:\/\/ayuntamientotenangodedoria.gob.mx\/wp-content\/uploads\/2025\/12\/REGIDOR-PROF.-NICOLAS_Mesa-de-trabajo-1-2048x2048.png 2048w\" sizes=\"(max-width: 300px) 100vw, 300px\" \/><\/p><h4><span style=\"font-weight: 400;\"><span dir=\"auto\" style=\"vertical-align: inherit;\"><span dir=\"auto\" style=\"vertical-align: inherit;\"><span dir=\"auto\" style=\"vertical-align: inherit;\"><span dir=\"auto\" style=\"vertical-align: inherit;\"><span dir=\"auto\" style=\"vertical-align: inherit;\"><span dir=\"auto\" style=\"vertical-align: inherit;\"><span dir=\"auto\" style=\"vertical-align: inherit;\"><span dir=\"auto\" style=\"vertical-align: inherit;\"><span dir=\"auto\" style=\"vertical-align: inherit;\"><span dir=\"auto\" style=\"vertical-align: inherit;\"><span dir=\"auto\" style=\"vertical-align: inherit;\"><span dir=\"auto\" style=\"vertical-align: inherit;\"><span dir=\"auto\" style=\"vertical-align: inherit;\"><span dir=\"auto\" style=\"vertical-align: inherit;\">Prof. V\u00edctor Nicol\u00e1s Olvera Sanagust\u00edn<\/span><\/span><\/span><\/span><\/span><\/span><\/span><\/span><\/span><\/span><\/span><\/span><\/span><\/span><\/span><\/h4><h4><span style=\"font-weight: 400;\"><span dir=\"auto\" style=\"vertical-align: inherit;\"><span dir=\"auto\" style=\"vertical-align: inherit;\"><span dir=\"auto\" style=\"vertical-align: inherit;\"><span dir=\"auto\" style=\"vertical-align: inherit;\"><span dir=\"auto\" style=\"vertical-align: inherit;\"><span dir=\"auto\" style=\"vertical-align: inherit;\"><span dir=\"auto\" style=\"vertical-align: inherit;\"><span dir=\"auto\" style=\"vertical-align: inherit;\"><span dir=\"auto\" style=\"vertical-align: inherit;\"><span dir=\"auto\" style=\"vertical-align: inherit;\"><span dir=\"auto\" style=\"vertical-align: inherit;\"><span dir=\"auto\" style=\"vertical-align: inherit;\"><span dir=\"auto\" style=\"vertical-align: inherit;\"><span dir=\"auto\" style=\"vertical-align: inherit;\">Regidor<\/span><\/span><\/span><\/span><\/span><\/span><\/span><\/span><\/span><\/span><\/span><\/span><\/span><\/span><\/span><\/h4><\/td><\/tr><tr><td align=\"center\"><p><img loading=\"lazy\" decoding=\"async\" class=\"alignnone size-medium wp-image-4228\" src=\"https:\/\/ayuntamientotenangodedoria.gob.mx\/wp-content\/uploads\/2025\/12\/REGIDORA-ANGELA_Mesa-de-trabajo-1-300x300.png\" alt=\"\" width=\"300\" height=\"300\" srcset=\"https:\/\/ayuntamientotenangodedoria.gob.mx\/wp-content\/uploads\/2025\/12\/REGIDORA-ANGELA_Mesa-de-trabajo-1-300x300.png 300w, https:\/\/ayuntamientotenangodedoria.gob.mx\/wp-content\/uploads\/2025\/12\/REGIDORA-ANGELA_Mesa-de-trabajo-1-1024x1024.png 1024w, https:\/\/ayuntamientotenangodedoria.gob.mx\/wp-content\/uploads\/2025\/12\/REGIDORA-ANGELA_Mesa-de-trabajo-1-150x150.png 150w, https:\/\/ayuntamientotenangodedoria.gob.mx\/wp-content\/uploads\/2025\/12\/REGIDORA-ANGELA_Mesa-de-trabajo-1-768x768.png 768w, https:\/\/ayuntamientotenangodedoria.gob.mx\/wp-content\/uploads\/2025\/12\/REGIDORA-ANGELA_Mesa-de-trabajo-1-1536x1536.png 1536w, https:\/\/ayuntamientotenangodedoria.gob.mx\/wp-content\/uploads\/2025\/12\/REGIDORA-ANGELA_Mesa-de-trabajo-1-2048x2048.png 2048w\" sizes=\"(max-width: 300px) 100vw, 300px\" \/><\/p><h4><span style=\"font-weight: 400;\"><span dir=\"auto\" style=\"vertical-align: inherit;\"><span dir=\"auto\" style=\"vertical-align: inherit;\"><span dir=\"auto\" style=\"vertical-align: inherit;\"><span dir=\"auto\" style=\"vertical-align: inherit;\"><span dir=\"auto\" style=\"vertical-align: inherit;\"><span dir=\"auto\" style=\"vertical-align: inherit;\"><span dir=\"auto\" style=\"vertical-align: inherit;\"><span dir=\"auto\" style=\"vertical-align: inherit;\"><span dir=\"auto\" style=\"vertical-align: inherit;\"><span dir=\"auto\" style=\"vertical-align: inherit;\"><span dir=\"auto\" style=\"vertical-align: inherit;\"><span dir=\"auto\" style=\"vertical-align: inherit;\"><span dir=\"auto\" style=\"vertical-align: inherit;\"><span dir=\"auto\" style=\"vertical-align: inherit;\">C. \u00c1ngela Hern\u00e1ndez Santos<\/span><\/span><\/span><\/span><\/span><\/span><\/span><\/span><\/span><\/span><\/span><\/span><\/span><\/span><\/span><\/h4><h4><span style=\"font-weight: 400;\"><span dir=\"auto\" style=\"vertical-align: inherit;\"><span dir=\"auto\" style=\"vertical-align: inherit;\"><span dir=\"auto\" style=\"vertical-align: inherit;\"><span dir=\"auto\" style=\"vertical-align: inherit;\"><span dir=\"auto\" style=\"vertical-align: inherit;\"><span dir=\"auto\" style=\"vertical-align: inherit;\"><span dir=\"auto\" style=\"vertical-align: inherit;\"><span dir=\"auto\" style=\"vertical-align: inherit;\"><span dir=\"auto\" style=\"vertical-align: inherit;\"><span dir=\"auto\" style=\"vertical-align: inherit;\"><span dir=\"auto\" style=\"vertical-align: inherit;\"><span dir=\"auto\" style=\"vertical-align: inherit;\"><span dir=\"auto\" style=\"vertical-align: inherit;\"><span dir=\"auto\" style=\"vertical-align: inherit;\">Regidora<\/span><\/span><\/span><\/span><\/span><\/span><\/span><\/span><\/span><\/span><\/span><\/span><\/span><\/span><\/span><\/h4><\/td><td align=\"center\"><p><img loading=\"lazy\" decoding=\"async\" class=\"alignnone size-medium wp-image-4227\" src=\"https:\/\/ayuntamientotenangodedoria.gob.mx\/wp-content\/uploads\/2025\/12\/REGIDOR-MIRIAN_Mesa-de-trabajo-1-300x300.png\" alt=\"\" width=\"300\" height=\"300\" srcset=\"https:\/\/ayuntamientotenangodedoria.gob.mx\/wp-content\/uploads\/2025\/12\/REGIDOR-MIRIAN_Mesa-de-trabajo-1-300x300.png 300w, https:\/\/ayuntamientotenangodedoria.gob.mx\/wp-content\/uploads\/2025\/12\/REGIDOR-MIRIAN_Mesa-de-trabajo-1-1024x1024.png 1024w, https:\/\/ayuntamientotenangodedoria.gob.mx\/wp-content\/uploads\/2025\/12\/REGIDOR-MIRIAN_Mesa-de-trabajo-1-150x150.png 150w, https:\/\/ayuntamientotenangodedoria.gob.mx\/wp-content\/uploads\/2025\/12\/REGIDOR-MIRIAN_Mesa-de-trabajo-1-768x768.png 768w, https:\/\/ayuntamientotenangodedoria.gob.mx\/wp-content\/uploads\/2025\/12\/REGIDOR-MIRIAN_Mesa-de-trabajo-1-1536x1536.png 1536w, https:\/\/ayuntamientotenangodedoria.gob.mx\/wp-content\/uploads\/2025\/12\/REGIDOR-MIRIAN_Mesa-de-trabajo-1-2048x2048.png 2048w\" sizes=\"(max-width: 300px) 100vw, 300px\" \/><\/p><h4><span style=\"font-weight: 400;\"><span dir=\"auto\" style=\"vertical-align: inherit;\"><span dir=\"auto\" style=\"vertical-align: inherit;\"><span dir=\"auto\" style=\"vertical-align: inherit;\"><span dir=\"auto\" style=\"vertical-align: inherit;\"><span dir=\"auto\" style=\"vertical-align: inherit;\"><span dir=\"auto\" style=\"vertical-align: inherit;\"><span dir=\"auto\" style=\"vertical-align: inherit;\"><span dir=\"auto\" style=\"vertical-align: inherit;\"><span dir=\"auto\" style=\"vertical-align: inherit;\"><span dir=\"auto\" style=\"vertical-align: inherit;\"><span dir=\"auto\" style=\"vertical-align: inherit;\"><span dir=\"auto\" style=\"vertical-align: inherit;\"><span dir=\"auto\" style=\"vertical-align: inherit;\"><span dir=\"auto\" style=\"vertical-align: inherit;\">C. Miriam Miranda Cabrera<\/span><\/span><\/span><\/span><\/span><\/span><\/span><\/span><\/span><\/span><\/span><\/span><\/span><\/span><\/span><\/h4><h4><span style=\"font-weight: 400;\"><span dir=\"auto\" style=\"vertical-align: inherit;\"><span dir=\"auto\" style=\"vertical-align: inherit;\"><span dir=\"auto\" style=\"vertical-align: inherit;\"><span dir=\"auto\" style=\"vertical-align: inherit;\"><span dir=\"auto\" style=\"vertical-align: inherit;\"><span dir=\"auto\" style=\"vertical-align: inherit;\"><span dir=\"auto\" style=\"vertical-align: inherit;\"><span dir=\"auto\" style=\"vertical-align: inherit;\"><span dir=\"auto\" style=\"vertical-align: inherit;\"><span dir=\"auto\" style=\"vertical-align: inherit;\"><span dir=\"auto\" style=\"vertical-align: inherit;\"><span dir=\"auto\" style=\"vertical-align: inherit;\"><span dir=\"auto\" style=\"vertical-align: inherit;\"><span dir=\"auto\" style=\"vertical-align: inherit;\">Regidora<\/span><\/span><\/span><\/span><\/span><\/span><\/span><\/span><\/span><\/span><\/span><\/span><\/span><\/span><\/span><\/h4><\/td><\/tr><tr><td align=\"center\"><p><img loading=\"lazy\" decoding=\"async\" src=\"https:\/\/vivetenangodedoria.com.mx\/wp-content\/uploads\/2025\/01\/WhatsApp_Image_2025-01-25_at_4.39.01_PM-removebg-preview.png\" width=\"194\" height=\"258\" \/><\/p><h4><span style=\"font-weight: 400;\"><span dir=\"auto\" style=\"vertical-align: inherit;\"><span dir=\"auto\" style=\"vertical-align: inherit;\"><span dir=\"auto\" style=\"vertical-align: inherit;\"><span dir=\"auto\" style=\"vertical-align: inherit;\"><span dir=\"auto\" style=\"vertical-align: inherit;\"><span dir=\"auto\" style=\"vertical-align: inherit;\"><span dir=\"auto\" style=\"vertical-align: inherit;\"><span dir=\"auto\" style=\"vertical-align: inherit;\"><span dir=\"auto\" style=\"vertical-align: inherit;\"><span dir=\"auto\" style=\"vertical-align: inherit;\"><span dir=\"auto\" style=\"vertical-align: inherit;\"><span dir=\"auto\" style=\"vertical-align: inherit;\"><span dir=\"auto\" style=\"vertical-align: inherit;\"><span dir=\"auto\" style=\"vertical-align: inherit;\">Prof. Mar\u00eda Victoria T\u00e9llez Mendoza<\/span><\/span><\/span><\/span><\/span><\/span><\/span><\/span><\/span><\/span><\/span><\/span><\/span><\/span><\/span><\/h4><h4><span style=\"font-weight: 400;\"><span dir=\"auto\" style=\"vertical-align: inherit;\"><span dir=\"auto\" style=\"vertical-align: inherit;\"><span dir=\"auto\" style=\"vertical-align: inherit;\"><span dir=\"auto\" style=\"vertical-align: inherit;\"><span dir=\"auto\" style=\"vertical-align: inherit;\"><span dir=\"auto\" style=\"vertical-align: inherit;\"><span dir=\"auto\" style=\"vertical-align: inherit;\"><span dir=\"auto\" style=\"vertical-align: inherit;\"><span dir=\"auto\" style=\"vertical-align: inherit;\"><span dir=\"auto\" style=\"vertical-align: inherit;\"><span dir=\"auto\" style=\"vertical-align: inherit;\"><span dir=\"auto\" style=\"vertical-align: inherit;\"><span dir=\"auto\" style=\"vertical-align: inherit;\"><span dir=\"auto\" style=\"vertical-align: inherit;\">Regidora<\/span><\/span><\/span><\/span><\/span><\/span><\/span><\/span><\/span><\/span><\/span><\/span><\/span><\/span><\/span><\/h4><\/td><td align=\"center\"><p><img loading=\"lazy\" decoding=\"async\" class=\"alignnone size-medium wp-image-4232\" src=\"https:\/\/ayuntamientotenangodedoria.gob.mx\/wp-content\/uploads\/2025\/12\/REGIDOR-CHUCHO_Mesa-de-trabajo-1-300x300.png\" alt=\"\" width=\"300\" height=\"300\" srcset=\"https:\/\/ayuntamientotenangodedoria.gob.mx\/wp-content\/uploads\/2025\/12\/REGIDOR-CHUCHO_Mesa-de-trabajo-1-300x300.png 300w, https:\/\/ayuntamientotenangodedoria.gob.mx\/wp-content\/uploads\/2025\/12\/REGIDOR-CHUCHO_Mesa-de-trabajo-1-1024x1024.png 1024w, https:\/\/ayuntamientotenangodedoria.gob.mx\/wp-content\/uploads\/2025\/12\/REGIDOR-CHUCHO_Mesa-de-trabajo-1-150x150.png 150w, https:\/\/ayuntamientotenangodedoria.gob.mx\/wp-content\/uploads\/2025\/12\/REGIDOR-CHUCHO_Mesa-de-trabajo-1-768x768.png 768w, https:\/\/ayuntamientotenangodedoria.gob.mx\/wp-content\/uploads\/2025\/12\/REGIDOR-CHUCHO_Mesa-de-trabajo-1-1536x1536.png 1536w, https:\/\/ayuntamientotenangodedoria.gob.mx\/wp-content\/uploads\/2025\/12\/REGIDOR-CHUCHO_Mesa-de-trabajo-1-2048x2048.png 2048w\" sizes=\"(max-width: 300px) 100vw, 300px\" \/><\/p><h4><span style=\"font-weight: 400;\"><span dir=\"auto\" style=\"vertical-align: inherit;\"><span dir=\"auto\" style=\"vertical-align: inherit;\"><span dir=\"auto\" style=\"vertical-align: inherit;\"><span dir=\"auto\" style=\"vertical-align: inherit;\"><span dir=\"auto\" style=\"vertical-align: inherit;\"><span dir=\"auto\" style=\"vertical-align: inherit;\"><span dir=\"auto\" style=\"vertical-align: inherit;\"><span dir=\"auto\" style=\"vertical-align: inherit;\"><span dir=\"auto\" style=\"vertical-align: inherit;\"><span dir=\"auto\" style=\"vertical-align: inherit;\"><span dir=\"auto\" style=\"vertical-align: inherit;\"><span dir=\"auto\" style=\"vertical-align: inherit;\"><span dir=\"auto\" style=\"vertical-align: inherit;\"><span dir=\"auto\" style=\"vertical-align: inherit;\">Lic. Jes\u00fas Tolentino Candelario<\/span><\/span><\/span><\/span><\/span><\/span><\/span><\/span><\/span><\/span><\/span><\/span><\/span><\/span><\/span><\/h4><h4><span style=\"font-weight: 400;\"><span dir=\"auto\" style=\"vertical-align: inherit;\"><span dir=\"auto\" style=\"vertical-align: inherit;\"><span dir=\"auto\" style=\"vertical-align: inherit;\"><span dir=\"auto\" style=\"vertical-align: inherit;\"><span dir=\"auto\" style=\"vertical-align: inherit;\"><span dir=\"auto\" style=\"vertical-align: inherit;\"><span dir=\"auto\" style=\"vertical-align: inherit;\"><span dir=\"auto\" style=\"vertical-align: inherit;\"><span dir=\"auto\" style=\"vertical-align: inherit;\"><span dir=\"auto\" style=\"vertical-align: inherit;\"><span dir=\"auto\" style=\"vertical-align: inherit;\"><span dir=\"auto\" style=\"vertical-align: inherit;\"><span dir=\"auto\" style=\"vertical-align: inherit;\"><span dir=\"auto\" style=\"vertical-align: inherit;\">Regidor<\/span><\/span><\/span><\/span><\/span><\/span><\/span><\/span><\/span><\/span><\/span><\/span><\/span><\/span><\/span><\/h4><\/td><\/tr><tr><td align=\"center\"><p><img loading=\"lazy\" decoding=\"async\" class=\"alignnone size-medium wp-image-4249\" src=\"https:\/\/ayuntamientotenangodedoria.gob.mx\/wp-content\/uploads\/2025\/12\/ZAYDE_Mesa-de-trabajo-1-300x300.png\" alt=\"\" width=\"300\" height=\"300\" srcset=\"https:\/\/ayuntamientotenangodedoria.gob.mx\/wp-content\/uploads\/2025\/12\/ZAYDE_Mesa-de-trabajo-1-300x300.png 300w, https:\/\/ayuntamientotenangodedoria.gob.mx\/wp-content\/uploads\/2025\/12\/ZAYDE_Mesa-de-trabajo-1-1024x1024.png 1024w, https:\/\/ayuntamientotenangodedoria.gob.mx\/wp-content\/uploads\/2025\/12\/ZAYDE_Mesa-de-trabajo-1-150x150.png 150w, https:\/\/ayuntamientotenangodedoria.gob.mx\/wp-content\/uploads\/2025\/12\/ZAYDE_Mesa-de-trabajo-1-768x768.png 768w, https:\/\/ayuntamientotenangodedoria.gob.mx\/wp-content\/uploads\/2025\/12\/ZAYDE_Mesa-de-trabajo-1-1536x1536.png 1536w, https:\/\/ayuntamientotenangodedoria.gob.mx\/wp-content\/uploads\/2025\/12\/ZAYDE_Mesa-de-trabajo-1-2048x2048.png 2048w\" sizes=\"(max-width: 300px) 100vw, 300px\" \/><\/p><h4><span style=\"font-weight: 400;\"><span dir=\"auto\" style=\"vertical-align: inherit;\"><span dir=\"auto\" style=\"vertical-align: inherit;\"><span dir=\"auto\" style=\"vertical-align: inherit;\"><span dir=\"auto\" style=\"vertical-align: inherit;\"><span dir=\"auto\" style=\"vertical-align: inherit;\"><span dir=\"auto\" style=\"vertical-align: inherit;\"><span dir=\"auto\" style=\"vertical-align: inherit;\"><span dir=\"auto\" style=\"vertical-align: inherit;\"><span dir=\"auto\" style=\"vertical-align: inherit;\"><span dir=\"auto\" style=\"vertical-align: inherit;\"><span dir=\"auto\" style=\"vertical-align: inherit;\"><span dir=\"auto\" style=\"vertical-align: inherit;\"><span dir=\"auto\" style=\"vertical-align: inherit;\"><span dir=\"auto\" style=\"vertical-align: inherit;\">L.GGIA. Zayde Abrenim Mart\u00ednez Caro<\/span><\/span><\/span><\/span><\/span><\/span><\/span><\/span><\/span><\/span><\/span><\/span><\/span><\/span><\/span><\/h4><h4><span style=\"font-weight: 400;\"><span dir=\"auto\" style=\"vertical-align: inherit;\"><span dir=\"auto\" style=\"vertical-align: inherit;\"><span dir=\"auto\" style=\"vertical-align: inherit;\"><span dir=\"auto\" style=\"vertical-align: inherit;\"><span dir=\"auto\" style=\"vertical-align: inherit;\"><span dir=\"auto\" style=\"vertical-align: inherit;\"><span dir=\"auto\" style=\"vertical-align: inherit;\"><span dir=\"auto\" style=\"vertical-align: inherit;\"><span dir=\"auto\" style=\"vertical-align: inherit;\"><span dir=\"auto\" style=\"vertical-align: inherit;\"><span dir=\"auto\" style=\"vertical-align: inherit;\"><span dir=\"auto\" style=\"vertical-align: inherit;\"><span dir=\"auto\" style=\"vertical-align: inherit;\"><span dir=\"auto\" style=\"vertical-align: inherit;\">Regidora<\/span><\/span><\/span><\/span><\/span><\/span><\/span><\/span><\/span><\/span><\/span><\/span><\/span><\/span><\/span><\/h4><\/td><td align=\"center\"><p><img loading=\"lazy\" decoding=\"async\" class=\"alignnone size-medium wp-image-4231\" src=\"https:\/\/ayuntamientotenangodedoria.gob.mx\/wp-content\/uploads\/2025\/12\/REGIDORA-MC_Mesa-de-trabajo-1-300x300.png\" alt=\"\" width=\"300\" height=\"300\" srcset=\"https:\/\/ayuntamientotenangodedoria.gob.mx\/wp-content\/uploads\/2025\/12\/REGIDORA-MC_Mesa-de-trabajo-1-300x300.png 300w, https:\/\/ayuntamientotenangodedoria.gob.mx\/wp-content\/uploads\/2025\/12\/REGIDORA-MC_Mesa-de-trabajo-1-1024x1024.png 1024w, https:\/\/ayuntamientotenangodedoria.gob.mx\/wp-content\/uploads\/2025\/12\/REGIDORA-MC_Mesa-de-trabajo-1-150x150.png 150w, https:\/\/ayuntamientotenangodedoria.gob.mx\/wp-content\/uploads\/2025\/12\/REGIDORA-MC_Mesa-de-trabajo-1-768x768.png 768w, https:\/\/ayuntamientotenangodedoria.gob.mx\/wp-content\/uploads\/2025\/12\/REGIDORA-MC_Mesa-de-trabajo-1-1536x1536.png 1536w, https:\/\/ayuntamientotenangodedoria.gob.mx\/wp-content\/uploads\/2025\/12\/REGIDORA-MC_Mesa-de-trabajo-1-2048x2048.png 2048w\" sizes=\"(max-width: 300px) 100vw, 300px\" \/><\/p><h4><span style=\"font-weight: 400;\"><span dir=\"auto\" style=\"vertical-align: inherit;\"><span dir=\"auto\" style=\"vertical-align: inherit;\"><span dir=\"auto\" style=\"vertical-align: inherit;\"><span dir=\"auto\" style=\"vertical-align: inherit;\"><span dir=\"auto\" style=\"vertical-align: inherit;\"><span dir=\"auto\" style=\"vertical-align: inherit;\"><span dir=\"auto\" style=\"vertical-align: inherit;\"><span dir=\"auto\" style=\"vertical-align: inherit;\"><span dir=\"auto\" style=\"vertical-align: inherit;\"><span dir=\"auto\" style=\"vertical-align: inherit;\"><span dir=\"auto\" style=\"vertical-align: inherit;\"><span dir=\"auto\" style=\"vertical-align: inherit;\"><span dir=\"auto\" style=\"vertical-align: inherit;\"><span dir=\"auto\" style=\"vertical-align: inherit;\">C. Aquilina Ortega Peralta<\/span><\/span><\/span><\/span><\/span><\/span><\/span><\/span><\/span><\/span><\/span><\/span><\/span><\/span><\/span><\/h4><h4><span style=\"font-weight: 400;\"><span dir=\"auto\" style=\"vertical-align: inherit;\"><span dir=\"auto\" style=\"vertical-align: inherit;\"><span dir=\"auto\" style=\"vertical-align: inherit;\"><span dir=\"auto\" style=\"vertical-align: inherit;\"><span dir=\"auto\" style=\"vertical-align: inherit;\"><span dir=\"auto\" style=\"vertical-align: inherit;\"><span dir=\"auto\" style=\"vertical-align: inherit;\"><span dir=\"auto\" style=\"vertical-align: inherit;\"><span dir=\"auto\" style=\"vertical-align: inherit;\"><span dir=\"auto\" style=\"vertical-align: inherit;\"><span dir=\"auto\" style=\"vertical-align: inherit;\"><span dir=\"auto\" style=\"vertical-align: inherit;\"><span dir=\"auto\" style=\"vertical-align: inherit;\"><span dir=\"auto\" style=\"vertical-align: inherit;\">Regidora<\/span><\/span><\/span><\/span><\/span><\/span><\/span><\/span><\/span><\/span><\/span><\/span><\/span><\/span><\/span><\/h4><\/td><\/tr><\/tbody><\/table>\t\t\t\t\t\t\t\t<\/div>\n\t\t\t\t<\/div>\n\t\t\t\t\t<\/div>\n\t\t\t\t<\/div>\n\t\t\t\t<\/div>\n\t\t","protected":false},"excerpt":{"rendered":"<p>CONOCE LA ESTRUCTURA ORG\u00c1NICA MUNICIPAL Mtra. Martha L\u00f3pez Patricio Presidenta Municipal Constitucional de Tenango de Doria C. Natanael Pacheco Nicol\u00e1s S\u00edndico Propietario C. Alan Mart\u00edn G\u00f3mez Rosales Regidor Prof. Te\u00f3fila&hellip;<\/p>\n","protected":false},"author":2,"featured_media":0,"parent":0,"menu_order":0,"comment_status":"closed","ping_status":"closed","template":"","meta":{"footnotes":""},"class_list":["post-436","page","type-page","status-publish","hentry"],"yoast_head":"<!-- This site is optimized with the Yoast SEO plugin v27.2 - https:\/\/yoast.com\/product\/yoast-seo-wordpress\/ -->\n<title>H. Asamblea Municipal -<\/title>\n<meta name=\"robots\" content=\"index, follow, max-snippet:-1, max-image-preview:large, max-video-preview:-1\" \/>\n<link rel=\"canonical\" href=\"https:\/\/ayuntamientotenangodedoria.gob.mx\/index.php\/h-asamblea-municipal\/\" \/>\n<meta property=\"og:locale\" content=\"en_US\" \/>\n<meta property=\"og:type\" content=\"article\" \/>\n<meta property=\"og:title\" content=\"H. Asamblea Municipal -\" \/>\n<meta property=\"og:description\" content=\"CONOCE LA ESTRUCTURA ORG\u00c1NICA MUNICIPAL Mtra. Martha L\u00f3pez Patricio Presidenta Municipal Constitucional de Tenango de Doria C. Natanael Pacheco Nicol\u00e1s S\u00edndico Propietario C. Alan Mart\u00edn G\u00f3mez Rosales Regidor Prof. Te\u00f3fila&hellip;\" \/>\n<meta property=\"og:url\" content=\"https:\/\/ayuntamientotenangodedoria.gob.mx\/index.php\/h-asamblea-municipal\/\" \/>\n<meta property=\"article:modified_time\" content=\"2025-12-13T00:59:36+00:00\" \/>\n<meta property=\"og:image\" content=\"https:\/\/ayuntamientotenangodedoria.gob.mx\/wp-content\/uploads\/2025\/12\/PRESIDENTA_Mesa-de-trabajo-1-1024x1024.png\" \/>\n\t<meta property=\"og:image:width\" content=\"1024\" \/>\n\t<meta property=\"og:image:height\" content=\"1024\" \/>\n\t<meta property=\"og:image:type\" content=\"image\/png\" \/>\n<meta name=\"twitter:card\" content=\"summary_large_image\" \/>\n<meta name=\"twitter:label1\" content=\"Est. reading time\" \/>\n\t<meta name=\"twitter:data1\" content=\"3 minutes\" \/>\n<script type=\"application\/ld+json\" class=\"yoast-schema-graph\">{\"@context\":\"https:\/\/schema.org\",\"@graph\":[{\"@type\":\"WebPage\",\"@id\":\"https:\/\/ayuntamientotenangodedoria.gob.mx\/index.php\/h-asamblea-municipal\/\",\"url\":\"https:\/\/ayuntamientotenangodedoria.gob.mx\/index.php\/h-asamblea-municipal\/\",\"name\":\"H. Asamblea Municipal -\",\"isPartOf\":{\"@id\":\"https:\/\/ayuntamientotenangodedoria.gob.mx\/#website\"},\"primaryImageOfPage\":{\"@id\":\"https:\/\/ayuntamientotenangodedoria.gob.mx\/index.php\/h-asamblea-municipal\/#primaryimage\"},\"image\":{\"@id\":\"https:\/\/ayuntamientotenangodedoria.gob.mx\/index.php\/h-asamblea-municipal\/#primaryimage\"},\"thumbnailUrl\":\"https:\/\/ayuntamientotenangodedoria.gob.mx\/wp-content\/uploads\/2025\/12\/PRESIDENTA_Mesa-de-trabajo-1-300x300.png\",\"datePublished\":\"2025-07-23T19:22:23+00:00\",\"dateModified\":\"2025-12-13T00:59:36+00:00\",\"breadcrumb\":{\"@id\":\"https:\/\/ayuntamientotenangodedoria.gob.mx\/index.php\/h-asamblea-municipal\/#breadcrumb\"},\"inLanguage\":\"en-US\",\"potentialAction\":[{\"@type\":\"ReadAction\",\"target\":[\"https:\/\/ayuntamientotenangodedoria.gob.mx\/index.php\/h-asamblea-municipal\/\"]}]},{\"@type\":\"ImageObject\",\"inLanguage\":\"en-US\",\"@id\":\"https:\/\/ayuntamientotenangodedoria.gob.mx\/index.php\/h-asamblea-municipal\/#primaryimage\",\"url\":\"https:\/\/ayuntamientotenangodedoria.gob.mx\/wp-content\/uploads\/2025\/12\/PRESIDENTA_Mesa-de-trabajo-1-scaled.png\",\"contentUrl\":\"https:\/\/ayuntamientotenangodedoria.gob.mx\/wp-content\/uploads\/2025\/12\/PRESIDENTA_Mesa-de-trabajo-1-scaled.png\",\"width\":2560,\"height\":2560},{\"@type\":\"BreadcrumbList\",\"@id\":\"https:\/\/ayuntamientotenangodedoria.gob.mx\/index.php\/h-asamblea-municipal\/#breadcrumb\",\"itemListElement\":[{\"@type\":\"ListItem\",\"position\":1,\"name\":\"Home\",\"item\":\"https:\/\/ayuntamientotenangodedoria.gob.mx\/\"},{\"@type\":\"ListItem\",\"position\":2,\"name\":\"H. Asamblea Municipal\"}]},{\"@type\":\"WebSite\",\"@id\":\"https:\/\/ayuntamientotenangodedoria.gob.mx\/#website\",\"url\":\"https:\/\/ayuntamientotenangodedoria.gob.mx\/\",\"name\":\"\",\"description\":\"Transformando con Inclusi\u00f3n e Interculturalidad\",\"potentialAction\":[{\"@type\":\"SearchAction\",\"target\":{\"@type\":\"EntryPoint\",\"urlTemplate\":\"https:\/\/ayuntamientotenangodedoria.gob.mx\/?s={search_term_string}\"},\"query-input\":{\"@type\":\"PropertyValueSpecification\",\"valueRequired\":true,\"valueName\":\"search_term_string\"}}],\"inLanguage\":\"en-US\"}]}<\/script>\n<!-- \/ Yoast SEO plugin. -->","yoast_head_json":{"title":"H. Asamblea Municipal -","robots":{"index":"index","follow":"follow","max-snippet":"max-snippet:-1","max-image-preview":"max-image-preview:large","max-video-preview":"max-video-preview:-1"},"canonical":"https:\/\/ayuntamientotenangodedoria.gob.mx\/index.php\/h-asamblea-municipal\/","og_locale":"en_US","og_type":"article","og_title":"H. Asamblea Municipal -","og_description":"CONOCE LA ESTRUCTURA ORG\u00c1NICA MUNICIPAL Mtra. Martha L\u00f3pez Patricio Presidenta Municipal Constitucional de Tenango de Doria C. Natanael Pacheco Nicol\u00e1s S\u00edndico Propietario C. Alan Mart\u00edn G\u00f3mez Rosales Regidor Prof. Te\u00f3fila&hellip;","og_url":"https:\/\/ayuntamientotenangodedoria.gob.mx\/index.php\/h-asamblea-municipal\/","article_modified_time":"2025-12-13T00:59:36+00:00","og_image":[{"width":1024,"height":1024,"url":"https:\/\/ayuntamientotenangodedoria.gob.mx\/wp-content\/uploads\/2025\/12\/PRESIDENTA_Mesa-de-trabajo-1-1024x1024.png","type":"image\/png"}],"twitter_card":"summary_large_image","twitter_misc":{"Est. reading time":"3 minutes"},"schema":{"@context":"https:\/\/schema.org","@graph":[{"@type":"WebPage","@id":"https:\/\/ayuntamientotenangodedoria.gob.mx\/index.php\/h-asamblea-municipal\/","url":"https:\/\/ayuntamientotenangodedoria.gob.mx\/index.php\/h-asamblea-municipal\/","name":"H. Asamblea Municipal -","isPartOf":{"@id":"https:\/\/ayuntamientotenangodedoria.gob.mx\/#website"},"primaryImageOfPage":{"@id":"https:\/\/ayuntamientotenangodedoria.gob.mx\/index.php\/h-asamblea-municipal\/#primaryimage"},"image":{"@id":"https:\/\/ayuntamientotenangodedoria.gob.mx\/index.php\/h-asamblea-municipal\/#primaryimage"},"thumbnailUrl":"https:\/\/ayuntamientotenangodedoria.gob.mx\/wp-content\/uploads\/2025\/12\/PRESIDENTA_Mesa-de-trabajo-1-300x300.png","datePublished":"2025-07-23T19:22:23+00:00","dateModified":"2025-12-13T00:59:36+00:00","breadcrumb":{"@id":"https:\/\/ayuntamientotenangodedoria.gob.mx\/index.php\/h-asamblea-municipal\/#breadcrumb"},"inLanguage":"en-US","potentialAction":[{"@type":"ReadAction","target":["https:\/\/ayuntamientotenangodedoria.gob.mx\/index.php\/h-asamblea-municipal\/"]}]},{"@type":"ImageObject","inLanguage":"en-US","@id":"https:\/\/ayuntamientotenangodedoria.gob.mx\/index.php\/h-asamblea-municipal\/#primaryimage","url":"https:\/\/ayuntamientotenangodedoria.gob.mx\/wp-content\/uploads\/2025\/12\/PRESIDENTA_Mesa-de-trabajo-1-scaled.png","contentUrl":"https:\/\/ayuntamientotenangodedoria.gob.mx\/wp-content\/uploads\/2025\/12\/PRESIDENTA_Mesa-de-trabajo-1-scaled.png","width":2560,"height":2560},{"@type":"BreadcrumbList","@id":"https:\/\/ayuntamientotenangodedoria.gob.mx\/index.php\/h-asamblea-municipal\/#breadcrumb","itemListElement":[{"@type":"ListItem","position":1,"name":"Home","item":"https:\/\/ayuntamientotenangodedoria.gob.mx\/"},{"@type":"ListItem","position":2,"name":"H. Asamblea Municipal"}]},{"@type":"WebSite","@id":"https:\/\/ayuntamientotenangodedoria.gob.mx\/#website","url":"https:\/\/ayuntamientotenangodedoria.gob.mx\/","name":"","description":"Transformando con Inclusi\u00f3n e Interculturalidad","potentialAction":[{"@type":"SearchAction","target":{"@type":"EntryPoint","urlTemplate":"https:\/\/ayuntamientotenangodedoria.gob.mx\/?s={search_term_string}"},"query-input":{"@type":"PropertyValueSpecification","valueRequired":true,"valueName":"search_term_string"}}],"inLanguage":"en-US"}]}},"_links":{"self":[{"href":"https:\/\/ayuntamientotenangodedoria.gob.mx\/index.php\/wp-json\/wp\/v2\/pages\/436","targetHints":{"allow":["GET"]}}],"collection":[{"href":"https:\/\/ayuntamientotenangodedoria.gob.mx\/index.php\/wp-json\/wp\/v2\/pages"}],"about":[{"href":"https:\/\/ayuntamientotenangodedoria.gob.mx\/index.php\/wp-json\/wp\/v2\/types\/page"}],"author":[{"embeddable":true,"href":"https:\/\/ayuntamientotenangodedoria.gob.mx\/index.php\/wp-json\/wp\/v2\/users\/2"}],"replies":[{"embeddable":true,"href":"https:\/\/ayuntamientotenangodedoria.gob.mx\/index.php\/wp-json\/wp\/v2\/comments?post=436"}],"version-history":[{"count":28,"href":"https:\/\/ayuntamientotenangodedoria.gob.mx\/index.php\/wp-json\/wp\/v2\/pages\/436\/revisions"}],"predecessor-version":[{"id":4252,"href":"https:\/\/ayuntamientotenangodedoria.gob.mx\/index.php\/wp-json\/wp\/v2\/pages\/436\/revisions\/4252"}],"wp:attachment":[{"href":"https:\/\/ayuntamientotenangodedoria.gob.mx\/index.php\/wp-json\/wp\/v2\/media?parent=436"}],"curies":[{"name":"wp","href":"https:\/\/api.w.org\/{rel}","templated":true}]}}